{"id":2412,"date":"2017-08-25T11:13:32","date_gmt":"2017-08-25T09:13:32","guid":{"rendered":"https:\/\/www.gotha3.de\/forschungsblog\/?page_id=2412"},"modified":"2025-03-28T12:22:27","modified_gmt":"2025-03-28T11:22:27","slug":"mehr-zu-matthias-rekow","status":"publish","type":"page","link":"https:\/\/www.gotha3.de\/forschungsblog\/matthias-rekow\/mehr-zu-matthias-rekow","title":{"rendered":"Dr. Matthias Rekow, Dipl.-Ing. (FH)"},"content":{"rendered":"<p><strong>Kurzbiographie<\/strong><\/p>\n<ul>\n<li><em>seit 2017-heute:<\/em> Wissenschaftlicher Mitarbeiter der Forschungsbibliothek Gotha im Sammlungs- und Forschungsverbund Gotha<\/li>\n<li><em>2018:<\/em> Promotion, Universit\u00e4t Erfurt, Pr\u00e4dikat: \u201emagna cum laude\u201c, Dissertationsschrift: \u201eFreund- und Feindbilder in den Turcica der \u201efliegenden Bl\u00e4tter\u201c. Zur Interdependenz von konfessioneller Polemik, T\u00fcrkengefahr und apokalyptischen Deutungsangebot\u201c, Gutachter: Frau Professor Dr. Susanne Rau (Universit\u00e4t Erfurt) und Herr Professor Dr. Martin Mulsow (Universit\u00e4t Erfurt)<\/li>\n<li><em>2014-2016:<\/em> Wissenschaftliche Hilfskraft am Historischen Seminar der Universit\u00e4t Erfurt und Stipendiat der Wissenschaftsf\u00f6rderung Erfurt<\/li>\n<li><em>2011-2014:<\/em> Stipendiat der Graduiertenschule \u201eReligion in Modernisierungsprozessen\u201c am Forschungszentrum Gotha<\/li>\n<li><em>2003-2011:<\/em> Studium der Neueren und Neuesten Geschichte, Politikwissenschaft und Wirtschafts- und Sozialgeschichte an der Technischen Universit\u00e4t Dresden<\/li>\n<li><em>1999-2003:<\/em> Sachbearbeiter Vermessungstechnik bei der DREWAG Stadtwerke Dresden GmbH<\/li>\n<li><em>1994-1998:<\/em> Studium des Vermessungswesens an der Hochschule f\u00fcr Technik und Wirtschaft Dresden (FH)<\/li>\n<\/ul>\n<p><strong>Forschungsinteressen<\/strong><\/p>\n<ul>\n<li>Religion und Staatsbildung in der Fr\u00fchen Neuzeit<\/li>\n<li>Wissensgeschichte \u2013 Die Herausbildung der Naturwissenschaften im 18.\/19. Jahrhundert, insb. Physik, Astronomie und Chemie<\/li>\n<li>Technikgeschichte \u2013 &#8222;Unsichtbare H\u00e4nde&#8220;. Mechaniker, Instrumentenhersteller\u00a0 und Amanuenses im 18.\/19. Jahrhundert<\/li>\n<li>Identit\u00e4t und Alterit\u00e4t \u2013 Die Erfassung des Fremden als negative Projektion des eigenen Selbstbildes<\/li>\n<li>(Astro-)Geod\u00e4sie und Kartographie als Weltergreifen und Weltbegreifen von der Fr\u00fchen Neuzeit bis ins 20. Jahrhundert<\/li>\n<li>\u201eZusammenbruchgesellschaften\u201c im 20. Jahrhundert (1916-1933, 1945-1949\/53, 1989\/90)<\/li>\n<\/ul>\n<p><strong>Dissertation: \u201eFreund- und Feindbilder in den Turcica der \u201efliegenden Bl\u00e4tter\u201c. Zur Interdependenz von konfessioneller Polemik, T\u00fcrkengefahr und apokalyptischen Deutungsangebot\u201c<\/strong><\/p>\n<p>\u201eErhalt uns Herr bey deinem Wort\/und steur des Bapsts un T\u00fcrckenmort\/\u2026\u201c. Bereits die beiden Anfangszeilen des von Luther 1542 geschriebenen Liedes verdeutlichen, wie tief die konfessionelle Spaltung der Christenheit und die Bedrohung derselben durch die osmanische Expansion nach Europa in die Erfahrungs- und Erwartungswelt der Zeitgenossen eingriffen. Ziel des Dissertationsprojektes ist es deshalb, die innerchristlichen Feindschaft im Verh\u00e4ltnis der Konfessionen zueinander im Spiegel des T\u00fcrkenbildes der publizistischen Quellen (Illustrierte Flugbl\u00e4tter, Flugschriften, Liedtexten,\u2026) des 16. und 17. Jahrhunderts zu analysieren. In der Erfassung des Fremden und der spiegelbildlichen Selbstwahrnehmung wurden nicht nur die Feindbilder des T\u00fcrken und der gegnerischen Konfession polemisch enggef\u00fchrt, sondern diese trafen zugleich auf kraftverst\u00e4rkende \u201eFreund\u201cbilder, die den Idealtypus der eigenen Gruppe symbolisierten und als Wegweiser fungierten. Wie, wann und warum das geschah ist der zentraler Forschungspunkt der Arbeit.<\/p>\n<p>Promotion an der Universit\u00e4t Erfurt, 14. August 2018, Pr\u00e4dikat: \u201emagna cum laude\u201c, Gutachter: Frau Professor Dr. Susanne Rau (Universit\u00e4t Erfurt) und Herr Professor Dr. Martin Mulsow (Universit\u00e4t Erfurt)<\/p>\n<p><strong>Ver\u00f6ffentlichungen<\/strong><\/p>\n<p><em>Orcid-ID: 0000-0002-5985-4102<\/em><\/p>\n<p><strong>Monographien<\/strong><\/p>\n<ul>\n<li>Fliegende Bl\u00e4tter. Die Sammlung der Einblattholzschnitte des 15. und 16. Jahrhunderts in der Stiftung Schloss Friedenstein Gotha, zusammen mit Bernd Sch\u00e4fer und Ulrike Eydinger, hrsg. von der Stiftung Schloss Friedenstein Gotha, 2 Bde., Stuttgart 2016.<\/li>\n<li>[Redaktion:] Stadt Zwickau u.a. (Hrsg.): Erneuerung &amp; Eigensinn. Zwickaus Weg durch die Reformation. Katalog zur Ausstellung in den Kunstsammlungen Zwickau Max-Pechstein-Museum, 18. Februar \u2013 28. Mai 2017, Zwickau 2017.<\/li>\n<\/ul>\n<p><strong>Aufs\u00e4tze<\/strong><\/p>\n<ul>\n<li>\u201eVon dem treulosen Klindworth habe ich mich trennen m\u00fcssen.\u201c Ein \u201eunsichtbarer\u201c Akteur an der Seite Georg Christoph Lichtenbergs?, in: Allemeyer, Marie Luisa\/Baur, Joachim\/Vogel, Christian (Hrsg.): R\u00e4ume des Wissens. Die Basisausstellung im Forum Wissen G\u00f6ttingen, G\u00f6ttingen 2022, S. 134\u2013137 (im Druck).<\/li>\n<li>\u201e[\u2026] ohne Aufzeichnung derselben verbrennen.\u201c Zum handschriftlichen Nachlass von Herzog Ernst II. von Sachsen-Gotha-Altenburg, in: Paasch, Kathrin (Hrsg.): B\u00fccher bewegen. 375 Jahre Forschungsbibliothek Gotha. Katalog zur Jubil\u00e4umsausstellung auf Schloss Friedenstein Gotha vom 10. April bis 19. Juni 2022 (Reihe Ver\u00f6ffentlichungen der Forschungsbibliothek Gotha, Bd. 57), Gotha 2022, S. 72\u201381.<\/li>\n<li>Das annotierte Handexemplar. Johann Christian Polykarp Erxleben, Anfangsgr\u00fcnde der Naturlehre. Mit Verbesserungen und vielen Zus\u00e4tzen von G. C. Lichtenberg, G\u00f6ttingen <sup>3<\/sup>1784, in: Paasch, Kathrin (Hrsg.): B\u00fccher bewegen. 375 Jahre Forschungsbibliothek Gotha. Katalog zur Jubil\u00e4umsausstellung auf Schloss Friedenstein Gotha vom 10. April bis 19. Juni 2022 (Reihe Ver\u00f6ffentlichungen der Forschungsbibliothek Gotha, Bd. 57), Gotha 2022, S. 222\u2013223.<\/li>\n<li>\u201eAufruhr\u201c im Garten Gethsemane \u2013 Eine konfessionelle Bildpolemik zum b\u00f6hmischen St\u00e4ndeaufstand 1618 \u2013 1623, in: Frohnapfel-Leis, Monika\/Gonz\u00e1lez Athenas, Muriel (Hrsg.): Zwischen Raum und Zeit. Zwischenr\u00e4umliche Paktiken in den Kulturwissenschaften (Reihe SpatioTemporality\/RaumZeitlichkeit, Bd. 14), Berlin\/Boston 2022, S. 77\u2013110.<\/li>\n<li>Physikstunden f\u00fcr den Herzog. Spuren experimenteller Naturforschung in der Residenzstadt Gotha an der Wende zum 19. Jahrhundert, in: Berg, Gunhild\/Mulsow, Martin\/Schmidt-Funke, Julia (Hrsg.): Das Schloss als H\u00f6rsaal. Christian Ludwig Lichtenberg und die residenzst\u00e4dtische Wissensproduktion um 1800 (Reihe Gothaer Forschungen zur Fr\u00fchen Neuzeit, Bd. 19), Stuttgart 2021, S. 223\u2013273.<\/li>\n<li>Ein Kabinett f\u00fcr den Herzog? Die Gothaer Sammlung mathematisch-physikalischer Instrumente, zus. mit Erik Liebscher, in: Berg, Gunhild\/Mulsow, Martin\/Schmidt-Funke, Julia (Hrsg.): Das Schloss als H\u00f6rsaal. Christian Ludwig Lichtenberg und die residenzst\u00e4dtische Wissensproduktion um 1800 (Reihe Gothaer Forschungen zur Fr\u00fchen Neuzeit, Bd. 19), Stuttgart 2021, S. 319\u2013398.<\/li>\n<li>Zwischen Propaganda, Polemik und Programmatik. Das Bild des siebenb\u00fcrgischen F\u00fcrsten Gabriel Bethlen in der Flugpublizistik des Drei\u00dfigj\u00e4hrigen Krieges, in: Merten, Kai\/Ort, Claus-Michael (Hrsg.): Konfessionspolitik und Medien in Europa 1500\u20131700. Konflikte, Konkurrenzen, Theorien (Reihe Diskursivierung von Wissen in der Fr\u00fchen Neuzeit, Bd. 4), Berlin\/Boston 2021, S. 75\u2013102.<\/li>\n<li>Von der Sternwarte einst zu einem kulturhistorischen Denkmal heute. Der \u201eMeridian Gotha\u201c als Ursprung der Triangulation und Gradmessung im Th\u00fcringen des 19. Jahrhunderts, in: Gotha Illustre. Jahrbuch f\u00fcr Stadtgeschichte 2022, Gotha 2021, S. 13\u201334.<\/li>\n<li>Immer gleich in die Luft gehen? Der Traum vom Fliegen am Gothaer Hof zum Ende des 18. Jahrhunderts. Zum 275. Geburtstag Ernst II., Herzog von Sachsen-Gotha und Altenburg, Blogbeitrag 2020. <strong><a href=\"https:\/\/www.gotha3.de\/forschungsblog\/archives\/4459\" target=\"_blank\" rel=\"noopener\">Online<\/a><\/strong><\/li>\n<li>Urania und Mars am Meridian Gotha, in: VDVmagazin f\u00fcr Geod\u00e4sie und Geoinformatik, 3 (2019), S. 180\u2013189.<\/li>\n<li>Kirchen- und Schulvisitationen im Kirchsprengel Zwickau, in: Stadt Zwickau u.a. (Hrsg.): Erneuerung &amp; Eigensinn. Zwickaus Weg durch die Reformation, Katalog zur Ausstellung in den Kunstsammlungen Zwickau Max-Pechstein-Museum, 18. Februar \u2013 28. Mai 2017, Zwickau 2017, S. 56-63.<\/li>\n<li>Drei K\u00f6pfe, eine Kreatur \u2013 \u201eDas geworn intherim genant\u201c, in: Ballerstedt, Maren\/K\u00f6ster, Gabriele\/Poenicke, Cornelia (Hrsg.): Magdeburg und die Reformation. Eine Stadt folgt Martin Luther, Halle (Saale) 2016, S. 340-357.<\/li>\n<li>&#8218;Fliegende Bl\u00e4tter&#8216; auf &#8218;engen&#8216; und &#8218;weiten&#8216; Wegen. Flug- und Bildpublizistik im Dienst der reformatorischen und altkirchlichen Polemik, in: Altmann, Susanne\/Lewey, Petra (Hrsg.): Re:bellion\/\/Re:ligion\/\/Re:form. K\u00fc\u0092nstler agieren im Umbruch, Katalog zur Ausstellung in den Kunstsammlungen Zwickau (31. Oktober 2015 &#8211; 24. Januar 2016) und dem St\u00e4dtischen Kunstmuseum Spendhaus Reutlingen (19. M\u00e4rz &#8211; 05. Juni 2016), Leipzig 2015, S. 13-18.<\/li>\n<li>Gegenwart als \u201anahes Ende\u2018 \u2013 Apokalyptisches Denken in der Fr\u00fchen Neuzeit. Der Entwurf eines apokalyptischen Chronotopos nach Bachtin, in: Historical Social Research, Special Issue: Space\/Time Practice, HSR 38\/3 (2013), S. 105-128 (<strong><a href=\"https:\/\/www.gesis.org\/hsr\/volltext-archiv\/2013\/383-spacetime-practices\">Link zur HSR 38\/3 (2013)<\/a><\/strong>).<\/li>\n<li>Rechtsextremismus als gesellschaftliche Herausforderung, Dresden, 21.\/22. M\u00e4rz 2007, in: Hannah-Arendt-Institut f\u00fcr Totalitarismusforschung e.V. an der Technischen Universit\u00e4t Dresden (Hrsg.): Jahresbericht 2007, S. 27-29.<\/li>\n<li>Die Scheibeninstrumente von Hans August Nienborg, in: Stadt Leipzig u.a. (Hrsg.): Leipzig im Kartenbild. Leipziger Kalender, Sonderband 2001\/1, Leipzig 2001, S. 23-37.<\/li>\n<li>Der Oberlandfeldmesser Hans August Nienborg \u2013 Leben und Werk, in: S\u00e4chsische Heimatbl\u00e4tter 45\/6 (1999), S. 399-407.<\/li>\n<li>Die Landmesserfamilie Nienborg im 17. und 18. Jahrhundert, in: Stadt Leipzig u.a. (Hrsg.): Leipziger Kalender 1999, S. 97-107.<\/li>\n<\/ul>\n<p><strong>Rezensionen und Tagungsberichte<\/strong><\/p>\n<ul>\n<li>Sammelrezension zu Heinz Duchhardt: Der Weg in die Katastrophe des Drei\u00dfigj\u00e4hrigen Krieges. Die Krisendekade 1608\u20131618, M\u00fcnchen 2017, und Robert Rebitsch (Hrsg.): 1618. Der Beginn des Drei\u00dfigj\u00e4hrigen Krieges, Wien\/K\u00f6ln\/Weimar 2017, in: Historische Zeitschrift (HZ) 308 (2019), S. 507-509.<\/li>\n<li>Rezension zu Yi\u011fit Topkaya: Augen-Blicke sichtbarer Gewalt? Eine Geschichte des \u00bbT\u00fcrken\u00ab in medientheoretischer Perspektive (1453\u20131529), Paderborn 2015, in: Zeitschrift f\u00fcr Geschichtswissenschaft (ZfG) 65\/11 (2017), S. 982-984 [long version].<\/li>\n<li>Rezension zu Yi\u011fit Topkaya: Augen-Blicke sichtbarer Gewalt? Eine Geschichte des \u00bbT\u00fcrken\u00ab in medientheoretischer Perspektive (1453\u20131529), Paderborn 2015, in: Jahrbuch f\u00fcr Kommunikationsgeschichte (JbKG) 19 (2017), S. 155 [short version].<\/li>\n<li>Rezension zu Damaris Grimmsmann: Krieg mit dem Wort. T\u00fcrkenpredigten des 16. Jahrhunderts im Alten Reich, (Arbeiten zur Kirchengeschichte, Bd. 131), Berlin\/Boston 2016, in: Historische Zeitschrift (HZ) 305 (2017), S. 545-547.<\/li>\n<li>Rezension zu Martin Hille: Providentia Dei, Reich und Kirche. Weltbild und Stimmungsprofil altgl\u00e4ubiger Chronisten 1517-1618, G\u00f6ttingen 2010, in: H-Soz-u-Kult, 13.11.2012.<\/li>\n<li>Tagungsbericht Extreme Rechte: Die NPD in Sachsen und Mecklenburg-Vorpommern. Tagung in Dresden, 21.\/22. M\u00e4rz 2007, in: Deutschland Archiv. Zeitschrift f\u00fcr das vereinigte Deutschland 40\/4 (2007), S. 709-711 (= Ders.: Tagungsbericht Extreme Rechte: Die NPD in Sachsen und Mecklenburg-Vorpommern, 21.03.2007-22.03.2007, Dresden, in: H-Soz-u-Kult, 21.05.2007.<\/li>\n<\/ul>\n","protected":false},"excerpt":{"rendered":"<p>Kurzbiographie seit 2017-heute: Wissenschaftlicher Mitarbeiter der Forschungsbibliothek Gotha im Sammlungs- und Forschungsverbund Gotha 2018: Promotion, Universit\u00e4t Erfurt, Pr\u00e4dikat: \u201emagna cum laude\u201c, Dissertationsschrift: \u201eFreund- und Feindbilder in den Turcica der \u201efliegenden Bl\u00e4tter\u201c. Zur Interdependenz von konfessioneller Polemik, T\u00fcrkengefahr und apokalyptischen Deutungsangebot\u201c, Gutachter: Frau Professor Dr. Susanne Rau (Universit\u00e4t Erfurt) und Herr Professor Dr. Martin Mulsow (Universit\u00e4t &hellip; <\/p>\n<p class=\"link-more\"><a href=\"https:\/\/www.gotha3.de\/forschungsblog\/matthias-rekow\/mehr-zu-matthias-rekow\" class=\"more-link\"><span class=\"screen-reader-text\">\u201eDr. Matthias Rekow, Dipl.-Ing. (FH)\u201c<\/span> weiterlesen<\/a><\/p>\n","protected":false},"author":17,"featured_media":0,"parent":2320,"menu_order":0,"comment_status":"closed","ping_status":"closed","template":"","meta":[],"post_mailing_queue_ids":[],"_links":{"self":[{"href":"https:\/\/www.gotha3.de\/forschungsblog\/wp-json\/wp\/v2\/pages\/2412"}],"collection":[{"href":"https:\/\/www.gotha3.de\/forschungsblog\/wp-json\/wp\/v2\/pages"}],"about":[{"href":"https:\/\/www.gotha3.de\/forschungsblog\/wp-json\/wp\/v2\/types\/page"}],"author":[{"embeddable":true,"href":"https:\/\/www.gotha3.de\/forschungsblog\/wp-json\/wp\/v2\/users\/17"}],"replies":[{"embeddable":true,"href":"https:\/\/www.gotha3.de\/forschungsblog\/wp-json\/wp\/v2\/comments?post=2412"}],"version-history":[{"count":26,"href":"https:\/\/www.gotha3.de\/forschungsblog\/wp-json\/wp\/v2\/pages\/2412\/revisions"}],"predecessor-version":[{"id":5196,"href":"https:\/\/www.gotha3.de\/forschungsblog\/wp-json\/wp\/v2\/pages\/2412\/revisions\/5196"}],"up":[{"embeddable":true,"href":"https:\/\/www.gotha3.de\/forschungsblog\/wp-json\/wp\/v2\/pages\/2320"}],"wp:attachment":[{"href":"https:\/\/www.gotha3.de\/forschungsblog\/wp-json\/wp\/v2\/media?parent=2412"}],"curies":[{"name":"wp","href":"https:\/\/api.w.org\/{rel}","templated":true}]}}